{"id":1114,"date":"2021-02-10T12:14:58","date_gmt":"2021-02-10T11:14:58","guid":{"rendered":"https:\/\/www.training4interculturality.eu\/our-team\/"},"modified":"2022-06-30T17:32:17","modified_gmt":"2022-06-30T15:32:17","slug":"our-team","status":"publish","type":"page","link":"https:\/\/www.training4interculturality.eu\/fr\/our-team\/","title":{"rendered":"Notre \u00c9quipe"},"content":{"rendered":"\t\t<div data-elementor-type=\"wp-page\" data-elementor-id=\"1114\" class=\"elementor elementor-1114\" data-elementor-post-type=\"page\">\n\t\t\t\t\t\t<section class=\"elementor-section elementor-top-section elementor-element elementor-element-4b6efd4 elementor-section-boxed elementor-section-height-default elementor-section-height-default\" data-id=\"4b6efd4\" data-element_type=\"section\" data-e-type=\"section\">\n\t\t\t\t\t\t<div class=\"elementor-container elementor-column-gap-default\">\n\t\t\t\t\t<div class=\"elementor-column elementor-col-100 elementor-top-column elementor-element elementor-element-bebbc2b\" data-id=\"bebbc2b\" data-element_type=\"column\" data-e-type=\"column\">\n\t\t\t<div class=\"elementor-widget-wrap elementor-element-populated\">\n\t\t\t\t\t\t<div class=\"elementor-element elementor-element-3ed5eb9 elementor-widget elementor-widget-heading\" data-id=\"3ed5eb9\" data-element_type=\"widget\" data-e-type=\"widget\" data-widget_type=\"heading.default\">\n\t\t\t\t<div class=\"elementor-widget-container\">\n\t\t\t\t\t<h1 class=\"elementor-heading-title elementor-size-xxl\">NOTRE \u00c9QUIPE<\/h1>\t\t\t\t<\/div>\n\t\t\t\t<\/div>\n\t\t\t\t\t<\/div>\n\t\t<\/div>\n\t\t\t\t\t<\/div>\n\t\t<\/section>\n\t\t\t\t<section class=\"elementor-section elementor-top-section elementor-element elementor-element-655339c elementor-section-boxed elementor-section-height-default elementor-section-height-default\" data-id=\"655339c\" data-element_type=\"section\" data-e-type=\"section\">\n\t\t\t\t\t\t<div class=\"elementor-container elementor-column-gap-default\">\n\t\t\t\t\t<div class=\"elementor-column elementor-col-100 elementor-top-column elementor-element elementor-element-f442475\" data-id=\"f442475\" data-element_type=\"column\" data-e-type=\"column\">\n\t\t\t<div class=\"elementor-widget-wrap elementor-element-populated\">\n\t\t\t\t\t\t<div class=\"elementor-element elementor-element-fb00ded elementor-widget elementor-widget-text-editor\" data-id=\"fb00ded\" data-element_type=\"widget\" data-e-type=\"widget\" data-widget_type=\"text-editor.default\">\n\t\t\t\t<div class=\"elementor-widget-container\">\n\t\t\t\t\t\t\t\t\t<p>Le projet Zelda est r\u00e9alis\u00e9 par six organisations\/associations de quatre pays europ\u00e9ens (Italie, Hongrie, Belgique et France) avec l\u2019objectif de cr\u00e9er un parcours interdisciplinaire qui permettra de renforcer les comp\u00e9tences professionnelles des formateurs par la construction d\u2019un r\u00e9seau solide de professionnels qui partagent cette approche.<\/p>\t\t\t\t\t\t\t\t<\/div>\n\t\t\t\t<\/div>\n\t\t\t\t\t<\/div>\n\t\t<\/div>\n\t\t\t\t\t<\/div>\n\t\t<\/section>\n\t\t\t\t<section class=\"elementor-section elementor-top-section elementor-element elementor-element-7a60d0e elementor-section-boxed elementor-section-height-default elementor-section-height-default\" data-id=\"7a60d0e\" data-element_type=\"section\" data-e-type=\"section\">\n\t\t\t\t\t\t<div class=\"elementor-container elementor-column-gap-default\">\n\t\t\t\t\t<div class=\"elementor-column elementor-col-33 elementor-top-column elementor-element elementor-element-d9b356b\" data-id=\"d9b356b\" data-element_type=\"column\" data-e-type=\"column\">\n\t\t\t<div class=\"elementor-widget-wrap elementor-element-populated\">\n\t\t\t\t\t\t<div class=\"elementor-element elementor-element-c0ec3d2 elementor-widget elementor-widget-image\" data-id=\"c0ec3d2\" data-element_type=\"widget\" data-e-type=\"widget\" data-widget_type=\"image.default\">\n\t\t\t\t<div class=\"elementor-widget-container\">\n\t\t\t\t\t\t\t\t\t\t\t\t\t\t\t<img fetchpriority=\"high\" decoding=\"async\" width=\"300\" height=\"172\" src=\"https:\/\/www.training4interculturality.eu\/wp-content\/uploads\/2020\/12\/logo_coop_ruah.png\" class=\"attachment-medium size-medium wp-image-263\" alt=\"\" \/>\t\t\t\t\t\t\t\t\t\t\t\t\t\t\t<\/div>\n\t\t\t\t<\/div>\n\t\t\t\t\t<\/div>\n\t\t<\/div>\n\t\t\t\t<div class=\"elementor-column elementor-col-33 elementor-top-column elementor-element elementor-element-e9c38a9\" data-id=\"e9c38a9\" data-element_type=\"column\" data-e-type=\"column\">\n\t\t\t<div class=\"elementor-widget-wrap elementor-element-populated\">\n\t\t\t\t\t\t<div class=\"elementor-element elementor-element-df41f85 elementor-widget elementor-widget-image\" data-id=\"df41f85\" data-element_type=\"widget\" data-e-type=\"widget\" data-widget_type=\"image.default\">\n\t\t\t\t<div class=\"elementor-widget-container\">\n\t\t\t\t\t\t\t\t\t\t\t\t\t\t\t<img decoding=\"async\" width=\"273\" height=\"83\" data-src=\"https:\/\/www.training4interculturality.eu\/wp-content\/uploads\/2020\/12\/logo-artemisszio.png\" class=\"attachment-1536x1536 size-1536x1536 wp-image-271 lazyload\" alt=\"\" src=\"data:image\/svg+xml;base64,PHN2ZyB3aWR0aD0iMSIgaGVpZ2h0PSIxIiB4bWxucz0iaHR0cDovL3d3dy53My5vcmcvMjAwMC9zdmciPjwvc3ZnPg==\" style=\"--smush-placeholder-width: 273px; --smush-placeholder-aspect-ratio: 273\/83;\" \/>\t\t\t\t\t\t\t\t\t\t\t\t\t\t\t<\/div>\n\t\t\t\t<\/div>\n\t\t\t\t\t<\/div>\n\t\t<\/div>\n\t\t\t\t<div class=\"elementor-column elementor-col-33 elementor-top-column elementor-element elementor-element-e0ea39a\" data-id=\"e0ea39a\" data-element_type=\"column\" data-e-type=\"column\">\n\t\t\t<div class=\"elementor-widget-wrap elementor-element-populated\">\n\t\t\t\t\t\t<div class=\"elementor-element elementor-element-1c0aca0 elementor-widget elementor-widget-image\" data-id=\"1c0aca0\" data-element_type=\"widget\" data-e-type=\"widget\" data-widget_type=\"image.default\">\n\t\t\t\t<div class=\"elementor-widget-container\">\n\t\t\t\t\t\t\t\t\t\t\t\t\t\t\t<img decoding=\"async\" width=\"150\" height=\"150\" data-src=\"https:\/\/www.training4interculturality.eu\/wp-content\/uploads\/2020\/12\/cbai-logo-150x150.jpeg\" class=\"attachment-thumbnail size-thumbnail wp-image-269 lazyload\" alt=\"\" data-srcset=\"https:\/\/www.training4interculturality.eu\/wp-content\/uploads\/2020\/12\/cbai-logo-150x150.jpeg 150w, https:\/\/www.training4interculturality.eu\/wp-content\/uploads\/2020\/12\/cbai-logo.jpeg 225w\" data-sizes=\"(max-width: 150px) 100vw, 150px\" src=\"data:image\/svg+xml;base64,PHN2ZyB3aWR0aD0iMSIgaGVpZ2h0PSIxIiB4bWxucz0iaHR0cDovL3d3dy53My5vcmcvMjAwMC9zdmciPjwvc3ZnPg==\" style=\"--smush-placeholder-width: 150px; --smush-placeholder-aspect-ratio: 150\/150;\" \/>\t\t\t\t\t\t\t\t\t\t\t\t\t\t\t<\/div>\n\t\t\t\t<\/div>\n\t\t\t\t\t<\/div>\n\t\t<\/div>\n\t\t\t\t\t<\/div>\n\t\t<\/section>\n\t\t\t\t<section class=\"elementor-section elementor-top-section elementor-element elementor-element-f350cbd elementor-section-boxed elementor-section-height-default elementor-section-height-default\" data-id=\"f350cbd\" data-element_type=\"section\" data-e-type=\"section\">\n\t\t\t\t\t\t<div class=\"elementor-container elementor-column-gap-default\">\n\t\t\t\t\t<div class=\"elementor-column elementor-col-33 elementor-top-column elementor-element elementor-element-a83f13a\" data-id=\"a83f13a\" data-element_type=\"column\" data-e-type=\"column\">\n\t\t\t<div class=\"elementor-widget-wrap elementor-element-populated\">\n\t\t\t\t\t\t<div class=\"elementor-element elementor-element-420fa43 elementor-widget elementor-widget-image\" data-id=\"420fa43\" data-element_type=\"widget\" data-e-type=\"widget\" data-widget_type=\"image.default\">\n\t\t\t\t<div class=\"elementor-widget-container\">\n\t\t\t\t\t\t\t\t\t\t\t\t\t\t\t<img decoding=\"async\" width=\"237\" height=\"60\" data-src=\"https:\/\/www.training4interculturality.eu\/wp-content\/uploads\/2020\/12\/logo-elan-interculturel.png\" class=\"attachment-1536x1536 size-1536x1536 wp-image-267 lazyload\" alt=\"\" src=\"data:image\/svg+xml;base64,PHN2ZyB3aWR0aD0iMSIgaGVpZ2h0PSIxIiB4bWxucz0iaHR0cDovL3d3dy53My5vcmcvMjAwMC9zdmciPjwvc3ZnPg==\" style=\"--smush-placeholder-width: 237px; --smush-placeholder-aspect-ratio: 237\/60;\" \/>\t\t\t\t\t\t\t\t\t\t\t\t\t\t\t<\/div>\n\t\t\t\t<\/div>\n\t\t\t\t\t<\/div>\n\t\t<\/div>\n\t\t\t\t<div class=\"elementor-column elementor-col-33 elementor-top-column elementor-element elementor-element-f886fe2\" data-id=\"f886fe2\" data-element_type=\"column\" data-e-type=\"column\">\n\t\t\t<div class=\"elementor-widget-wrap elementor-element-populated\">\n\t\t\t\t\t\t<div class=\"elementor-element elementor-element-f932ae8 elementor-widget elementor-widget-image\" data-id=\"f932ae8\" data-element_type=\"widget\" data-e-type=\"widget\" data-widget_type=\"image.default\">\n\t\t\t\t<div class=\"elementor-widget-container\">\n\t\t\t\t\t\t\t\t\t\t\t\t\t\t\t<img decoding=\"async\" width=\"310\" height=\"163\" data-src=\"https:\/\/www.training4interculturality.eu\/wp-content\/uploads\/2020\/12\/cesie-logo.png\" class=\"attachment-large size-large wp-image-265 lazyload\" alt=\"\" data-srcset=\"https:\/\/www.training4interculturality.eu\/wp-content\/uploads\/2020\/12\/cesie-logo.png 310w, https:\/\/www.training4interculturality.eu\/wp-content\/uploads\/2020\/12\/cesie-logo-300x158.png 300w\" data-sizes=\"(max-width: 310px) 100vw, 310px\" src=\"data:image\/svg+xml;base64,PHN2ZyB3aWR0aD0iMSIgaGVpZ2h0PSIxIiB4bWxucz0iaHR0cDovL3d3dy53My5vcmcvMjAwMC9zdmciPjwvc3ZnPg==\" style=\"--smush-placeholder-width: 310px; --smush-placeholder-aspect-ratio: 310\/163;\" \/>\t\t\t\t\t\t\t\t\t\t\t\t\t\t\t<\/div>\n\t\t\t\t<\/div>\n\t\t\t\t\t<\/div>\n\t\t<\/div>\n\t\t\t\t<div class=\"elementor-column elementor-col-33 elementor-top-column elementor-element elementor-element-ac9fc15\" data-id=\"ac9fc15\" data-element_type=\"column\" data-e-type=\"column\">\n\t\t\t<div class=\"elementor-widget-wrap elementor-element-populated\">\n\t\t\t\t\t\t<div class=\"elementor-element elementor-element-bfd00dd elementor-widget elementor-widget-image\" data-id=\"bfd00dd\" data-element_type=\"widget\" data-e-type=\"widget\" data-widget_type=\"image.default\">\n\t\t\t\t<div class=\"elementor-widget-container\">\n\t\t\t\t\t\t\t\t\t\t\t\t\t\t\t<img decoding=\"async\" width=\"300\" height=\"145\" data-src=\"https:\/\/www.training4interculturality.eu\/wp-content\/uploads\/2020\/12\/Diesis-vector-logo-1-300x145.png\" class=\"attachment-medium size-medium wp-image-273 lazyload\" alt=\"\" data-srcset=\"https:\/\/www.training4interculturality.eu\/wp-content\/uploads\/2020\/12\/Diesis-vector-logo-1-300x145.png 300w, https:\/\/www.training4interculturality.eu\/wp-content\/uploads\/2020\/12\/Diesis-vector-logo-1-1024x495.png 1024w, https:\/\/www.training4interculturality.eu\/wp-content\/uploads\/2020\/12\/Diesis-vector-logo-1-768x371.png 768w, https:\/\/www.training4interculturality.eu\/wp-content\/uploads\/2020\/12\/Diesis-vector-logo-1-1536x743.png 1536w, https:\/\/www.training4interculturality.eu\/wp-content\/uploads\/2020\/12\/Diesis-vector-logo-1.png 1795w\" data-sizes=\"(max-width: 300px) 100vw, 300px\" src=\"data:image\/svg+xml;base64,PHN2ZyB3aWR0aD0iMSIgaGVpZ2h0PSIxIiB4bWxucz0iaHR0cDovL3d3dy53My5vcmcvMjAwMC9zdmciPjwvc3ZnPg==\" style=\"--smush-placeholder-width: 300px; --smush-placeholder-aspect-ratio: 300\/145;\" \/>\t\t\t\t\t\t\t\t\t\t\t\t\t\t\t<\/div>\n\t\t\t\t<\/div>\n\t\t\t\t\t<\/div>\n\t\t<\/div>\n\t\t\t\t\t<\/div>\n\t\t<\/section>\n\t\t\t\t<section class=\"elementor-section elementor-top-section elementor-element elementor-element-cf919c3 elementor-section-boxed elementor-section-height-default elementor-section-height-default\" data-id=\"cf919c3\" data-element_type=\"section\" data-e-type=\"section\">\n\t\t\t\t\t\t<div class=\"elementor-container elementor-column-gap-default\">\n\t\t\t\t\t<div class=\"elementor-column elementor-col-33 elementor-top-column elementor-element elementor-element-d06e90e\" data-id=\"d06e90e\" data-element_type=\"column\" data-e-type=\"column\">\n\t\t\t<div class=\"elementor-widget-wrap elementor-element-populated\">\n\t\t\t\t\t\t\t<\/div>\n\t\t<\/div>\n\t\t\t\t<div class=\"elementor-column elementor-col-33 elementor-top-column elementor-element elementor-element-3024eef\" data-id=\"3024eef\" data-element_type=\"column\" data-e-type=\"column\">\n\t\t\t<div class=\"elementor-widget-wrap elementor-element-populated\">\n\t\t\t\t\t\t\t<\/div>\n\t\t<\/div>\n\t\t\t\t<div class=\"elementor-column elementor-col-33 elementor-top-column elementor-element elementor-element-768bf80\" data-id=\"768bf80\" data-element_type=\"column\" data-e-type=\"column\">\n\t\t\t<div class=\"elementor-widget-wrap elementor-element-populated\">\n\t\t\t\t\t\t\t<\/div>\n\t\t<\/div>\n\t\t\t\t\t<\/div>\n\t\t<\/section>\n\t\t\t\t<section class=\"elementor-section elementor-top-section elementor-element elementor-element-13c0572 elementor-section-boxed elementor-section-height-default elementor-section-height-default elementor-invisible\" data-id=\"13c0572\" data-element_type=\"section\" data-e-type=\"section\" data-settings=\"{&quot;background_background&quot;:&quot;classic&quot;,&quot;motion_fx_motion_fx_scrolling&quot;:&quot;yes&quot;,&quot;animation&quot;:&quot;fadeIn&quot;,&quot;motion_fx_devices&quot;:[&quot;desktop&quot;,&quot;tablet&quot;,&quot;mobile&quot;]}\" coop=\"\">\n\t\t\t\t\t\t\t<div class=\"elementor-background-overlay\"><\/div>\n\t\t\t\t\t\t\t<div class=\"elementor-container elementor-column-gap-default\">\n\t\t\t\t\t<div class=\"elementor-column elementor-col-100 elementor-top-column elementor-element elementor-element-2a4a019\" data-id=\"2a4a019\" data-element_type=\"column\" data-e-type=\"column\" data-settings=\"{&quot;background_background&quot;:&quot;classic&quot;}\">\n\t\t\t<div class=\"elementor-widget-wrap elementor-element-populated\">\n\t\t\t\t\t\t<div class=\"elementor-element elementor-element-5dcd5cc elementor-widget elementor-widget-text-editor\" data-id=\"5dcd5cc\" data-element_type=\"widget\" data-e-type=\"widget\" data-widget_type=\"text-editor.default\">\n\t\t\t\t<div class=\"elementor-widget-container\">\n\t\t\t\t\t\t\t\t\t<h3>Cooperativa Ruah, Italy<\/h3><p>La Coop\u00e9rative Ruah a \u00e9t\u00e9 constitu\u00e9e en janvier 2009 avec l\u2019objectif principal de favoriser la promotion des droits humains et l\u2019int\u00e9gration sociale des citoyens italiens et \u00e9trangers sur le territoire de Bergamo. Avec ses activit\u00e9s, Ruah se propose de favoriser l\u2019inclusion sociale sur le territoire bergamasque, notamment \u00e0 travers la collaboration entre institutions, entit\u00e9s publiques, entreprises priv\u00e9es et secteur tertiaire.<\/p><p>Le travail quotidien de Ruah repose sur trois piliers\u00a0: la soci\u00e9t\u00e9 d\u2019accueil, la promotion de la coh\u00e9sion et la construction d\u2019une communaut\u00e9. La coop\u00e9rative intervient dans quatre domaines\u00a0: la culture, le logement social, les demandeurs d\u2019asile et les r\u00e9fugi\u00e9s, les \u00e9conomies solidaires.<\/p><h4>Website: <span style=\"color: #55a2a0;\"><a style=\"color: #55a2a0;\" href=\"http:\/\/www.cooperativaruah.it\/\">http:\/\/www.cooperativaruah.it\/<\/a><\/span><\/h4>\t\t\t\t\t\t\t\t<\/div>\n\t\t\t\t<\/div>\n\t\t\t\t\t<\/div>\n\t\t<\/div>\n\t\t\t\t\t<\/div>\n\t\t<\/section>\n\t\t\t\t<section class=\"elementor-section elementor-top-section elementor-element elementor-element-03c6bce elementor-section-boxed elementor-section-height-default elementor-section-height-default elementor-invisible\" data-id=\"03c6bce\" data-element_type=\"section\" data-e-type=\"section\" data-settings=\"{&quot;background_background&quot;:&quot;classic&quot;,&quot;motion_fx_motion_fx_scrolling&quot;:&quot;yes&quot;,&quot;animation&quot;:&quot;fadeIn&quot;,&quot;motion_fx_devices&quot;:[&quot;desktop&quot;,&quot;tablet&quot;,&quot;mobile&quot;]}\">\n\t\t\t\t\t\t\t<div class=\"elementor-background-overlay\"><\/div>\n\t\t\t\t\t\t\t<div class=\"elementor-container elementor-column-gap-default\">\n\t\t\t\t\t<div class=\"elementor-column elementor-col-100 elementor-top-column elementor-element elementor-element-438dc6e\" data-id=\"438dc6e\" data-element_type=\"column\" data-e-type=\"column\" data-settings=\"{&quot;background_background&quot;:&quot;classic&quot;}\">\n\t\t\t<div class=\"elementor-widget-wrap elementor-element-populated\">\n\t\t\t\t\t\t<div class=\"elementor-element elementor-element-6c10185 elementor-widget elementor-widget-text-editor\" data-id=\"6c10185\" data-element_type=\"widget\" data-e-type=\"widget\" data-widget_type=\"text-editor.default\">\n\t\t\t\t<div class=\"elementor-widget-container\">\n\t\t\t\t\t\t\t\t\t<h3>Artemisszi\u00f3 Foundation, Hungary<\/h3><p>La Fondation Artemisszi\u00f3 \u00a0est une organisation ind\u00e9pendante priv\u00e9e sans but lucratif, fond\u00e9e en 1998. Sa mission est de promouvoir le dialogue et l\u2019interaction entre groupes caract\u00e9ris\u00e9s par des diff\u00e9rences culturelles, ethniques et sociales, en promouvant une compr\u00e9hension r\u00e9ciproque. L\u2019ONG soutient l\u2019int\u00e9gration sociale des groupes socialement et culturellement d\u00e9savantag\u00e9s par le d\u00e9veloppement et l\u2019organisation de formations interculturelles, de mat\u00e9riels et de m\u00e9thodes \u00e9ducatives, de projets d\u2019int\u00e9gration et de projets de mobilit\u00e9 pour les jeunes.<\/p><p>Artemisszi\u00f3 propose des formations \u00e0 destination des enseignants, des assistants sociaux mais aussi des services aux migrants, demandeurs d\u2019asile, r\u00e9fugi\u00e9s, jeunes d\u00e9favoris\u00e9s et la Communaut\u00e9 Rom.<\/p><h4>Website: <span style=\"color: #55a2a0;\"><a style=\"color: #55a2a0;\" href=\"http:\/\/www.artemisszio.hu\/\">http:\/\/www.artemisszio.hu\/<\/a><\/span><\/h4>\t\t\t\t\t\t\t\t<\/div>\n\t\t\t\t<\/div>\n\t\t\t\t\t<\/div>\n\t\t<\/div>\n\t\t\t\t\t<\/div>\n\t\t<\/section>\n\t\t\t\t<section class=\"elementor-section elementor-top-section elementor-element elementor-element-94d094e elementor-section-boxed elementor-section-height-default elementor-section-height-default elementor-invisible\" data-id=\"94d094e\" data-element_type=\"section\" data-e-type=\"section\" data-settings=\"{&quot;background_background&quot;:&quot;classic&quot;,&quot;motion_fx_motion_fx_scrolling&quot;:&quot;yes&quot;,&quot;animation&quot;:&quot;fadeIn&quot;,&quot;motion_fx_devices&quot;:[&quot;desktop&quot;,&quot;tablet&quot;,&quot;mobile&quot;]}\">\n\t\t\t\t\t\t\t<div class=\"elementor-background-overlay\"><\/div>\n\t\t\t\t\t\t\t<div class=\"elementor-container elementor-column-gap-default\">\n\t\t\t\t\t<div class=\"elementor-column elementor-col-100 elementor-top-column elementor-element elementor-element-d958798\" data-id=\"d958798\" data-element_type=\"column\" data-e-type=\"column\" data-settings=\"{&quot;background_background&quot;:&quot;classic&quot;}\">\n\t\t\t<div class=\"elementor-widget-wrap elementor-element-populated\">\n\t\t\t\t\t<div class=\"elementor-background-overlay\"><\/div>\n\t\t\t\t\t\t<div class=\"elementor-element elementor-element-d14f7f3 elementor-widget elementor-widget-text-editor\" data-id=\"d14f7f3\" data-element_type=\"widget\" data-e-type=\"widget\" data-widget_type=\"text-editor.default\">\n\t\t\t\t<div class=\"elementor-widget-container\">\n\t\t\t\t\t\t\t\t\t<h3>CBAI, Belgium<\/h3><p>Le CBAI est une association fond\u00e9e en 1981. Active dans une ville multiculturelle, les principaux objectifs de l\u2019association sont de cr\u00e9er des liens entre les citoyens de Bruxelles et de l\u00e9gitimer la communaut\u00e9 locale, en luttant contre toutes les formes de discrimination, pour promouvoir une soci\u00e9t\u00e9 la plus inclusive possible. Le CBAI est engag\u00e9 dans l\u2019action interculturelle entendue comme art de penser et de construire des ponts plut\u00f4t que des murs, des aires d\u2019int\u00e9r\u00eat et identit\u00e9s communes, plut\u00f4t que comme que d\u2019instaurer des conflits de civilisation.<\/p><p>Dans la mission du CBAI, l\u2019action interculturelle repr\u00e9sente un ensemble de pratiques, de savoir-faire, des approches individuelles et collectives qui font partie de la rencontre, de la coop\u00e9ration et de la n\u00e9gociation.<\/p><h4>Website: <a href=\"http:\/\/www.cbai.be\/\"><span style=\"color: #55a2a0;\">http:\/\/www.cbai.be\/<\/span><\/a><\/h4>\t\t\t\t\t\t\t\t<\/div>\n\t\t\t\t<\/div>\n\t\t\t\t\t<\/div>\n\t\t<\/div>\n\t\t\t\t\t<\/div>\n\t\t<\/section>\n\t\t\t\t<section class=\"elementor-section elementor-top-section elementor-element elementor-element-dc3d12d elementor-section-boxed elementor-section-height-default elementor-section-height-default elementor-invisible\" data-id=\"dc3d12d\" data-element_type=\"section\" data-e-type=\"section\" data-settings=\"{&quot;background_background&quot;:&quot;classic&quot;,&quot;motion_fx_motion_fx_scrolling&quot;:&quot;yes&quot;,&quot;animation&quot;:&quot;fadeIn&quot;,&quot;motion_fx_devices&quot;:[&quot;desktop&quot;,&quot;tablet&quot;,&quot;mobile&quot;]}\">\n\t\t\t\t\t\t\t<div class=\"elementor-background-overlay\"><\/div>\n\t\t\t\t\t\t\t<div class=\"elementor-container elementor-column-gap-default\">\n\t\t\t\t\t<div class=\"elementor-column elementor-col-100 elementor-top-column elementor-element elementor-element-311918c\" data-id=\"311918c\" data-element_type=\"column\" data-e-type=\"column\" data-settings=\"{&quot;background_background&quot;:&quot;classic&quot;}\">\n\t\t\t<div class=\"elementor-widget-wrap elementor-element-populated\">\n\t\t\t\t\t<div class=\"elementor-background-overlay\"><\/div>\n\t\t\t\t\t\t<div class=\"elementor-element elementor-element-f232915 elementor-widget elementor-widget-text-editor\" data-id=\"f232915\" data-element_type=\"widget\" data-e-type=\"widget\" data-widget_type=\"text-editor.default\">\n\t\t\t\t<div class=\"elementor-widget-container\">\n\t\t\t\t\t\t\t\t\t<h3>Elan Interculturel, France<\/h3><p>Elan Interculturel est une organisation cr\u00e9\u00e9e par des psychologues, des chercheurs et des formateurs \u2013 la plupart desquels chercheurs\u00a0 et formateurs \u00e9taient des migrants \u00e0 Paris \u2013 int\u00e9ress\u00e9s \u00e0 explorer et \u00e0 d\u00e9velopper de nouvelles m\u00e9thodes pour faciliter la communication, la collaboration et l\u2019adaptation interculturelle.\u00a0 Les principaux objectifs de Elan Interculturel sont\u00a0:<\/p><p>permettre une meilleure compr\u00e9hension de comment la diversit\u00e9 influence notre vie\u00a0; augmenter la conscience des ressources inh\u00e9rente \u00e0 la diversit\u00e9;<\/p><p>d\u00e9velopper des comp\u00e9tences chez les individus et les organisations de mani\u00e8re \u00e0 leur permettre de b\u00e9n\u00e9ficier de la diversit\u00e9 culturelle et des transitions transculturelles.<\/p><p>Pour atteindre ces objectifs, Elan Interculturel propose diff\u00e9rents services\u00a0: formations, workshops, recherches, collaborations internationales.<\/p><h4><strong>Website: <span style=\"color: #55a2a0;\"><a style=\"color: #55a2a0;\" href=\"https:\/\/elaninterculturel.com\/\">https:\/\/elaninterculturel.com\/<\/a><\/span><\/strong><\/h4>\t\t\t\t\t\t\t\t<\/div>\n\t\t\t\t<\/div>\n\t\t\t\t\t<\/div>\n\t\t<\/div>\n\t\t\t\t\t<\/div>\n\t\t<\/section>\n\t\t\t\t<section class=\"elementor-section elementor-top-section elementor-element elementor-element-f16a753 elementor-section-boxed elementor-section-height-default elementor-section-height-default elementor-invisible\" data-id=\"f16a753\" data-element_type=\"section\" data-e-type=\"section\" data-settings=\"{&quot;background_background&quot;:&quot;classic&quot;,&quot;motion_fx_motion_fx_scrolling&quot;:&quot;yes&quot;,&quot;animation&quot;:&quot;fadeIn&quot;,&quot;motion_fx_devices&quot;:[&quot;desktop&quot;,&quot;tablet&quot;,&quot;mobile&quot;]}\">\n\t\t\t\t\t\t\t<div class=\"elementor-background-overlay\"><\/div>\n\t\t\t\t\t\t\t<div class=\"elementor-container elementor-column-gap-default\">\n\t\t\t\t\t<div class=\"elementor-column elementor-col-100 elementor-top-column elementor-element elementor-element-342d7fa\" data-id=\"342d7fa\" data-element_type=\"column\" data-e-type=\"column\" data-settings=\"{&quot;background_background&quot;:&quot;classic&quot;}\">\n\t\t\t<div class=\"elementor-widget-wrap elementor-element-populated\">\n\t\t\t\t\t\t<div class=\"elementor-element elementor-element-a06b092 elementor-widget elementor-widget-text-editor\" data-id=\"a06b092\" data-element_type=\"widget\" data-e-type=\"widget\" data-widget_type=\"text-editor.default\">\n\t\t\t\t<div class=\"elementor-widget-container\">\n\t\t\t\t\t\t\t\t\t<h3>CESIE, Italy<\/h3><p>CESIE est une organisation sans but lucratif, apolitique et non-gouvernementale, fond\u00e9e en 2001, dont le si\u00e8ge est \u00e0 Palerme (Italie). CESIE promeut le d\u00e9veloppement culturel, social, \u00e9ducatif et \u00e9conomique aux niveaux local, national, europ\u00e9en et international. CESIE contribue \u00e0 la croissance et au d\u00e9veloppement par la participation active des personnes, de la soci\u00e9t\u00e9 civile et des institutions, en valorisant toujours la diversit\u00e9.<\/p><p>CESIE unit activement la recherche \u00e0 l\u2019action par une m\u00e9thodologie d\u2019apprentissage formel et non formel. La structure est subdivis\u00e9e en\u00a0 unit\u00e9s th\u00e9matiques qui travaillent en coop\u00e9ration et g\u00e8rent les activit\u00e9s dans leur secteur\u00a0: formation sup\u00e9rieure et recherche\u00a0; droits et justice\u00a0; adulte\u00a0; migration\u00a0; \u00e9cole\u00a0; jeunesse.<\/p><h4>Website: <span style=\"color: #55a2a0;\"><a style=\"color: #55a2a0;\" href=\"https:\/\/cesie.org\/\">https:\/\/cesie.org\/<\/a><\/span><\/h4>\t\t\t\t\t\t\t\t<\/div>\n\t\t\t\t<\/div>\n\t\t\t\t\t<\/div>\n\t\t<\/div>\n\t\t\t\t\t<\/div>\n\t\t<\/section>\n\t\t\t\t<section class=\"elementor-section elementor-top-section elementor-element elementor-element-4f79170 elementor-section-boxed elementor-section-height-default elementor-section-height-default elementor-invisible\" data-id=\"4f79170\" data-element_type=\"section\" data-e-type=\"section\" data-settings=\"{&quot;background_background&quot;:&quot;classic&quot;,&quot;motion_fx_motion_fx_scrolling&quot;:&quot;yes&quot;,&quot;animation&quot;:&quot;fadeIn&quot;,&quot;motion_fx_devices&quot;:[&quot;desktop&quot;,&quot;tablet&quot;,&quot;mobile&quot;]}\">\n\t\t\t\t\t\t\t<div class=\"elementor-background-overlay\"><\/div>\n\t\t\t\t\t\t\t<div class=\"elementor-container elementor-column-gap-default\">\n\t\t\t\t\t<div class=\"elementor-column elementor-col-100 elementor-top-column elementor-element elementor-element-1a6da83\" data-id=\"1a6da83\" data-element_type=\"column\" data-e-type=\"column\" data-settings=\"{&quot;background_background&quot;:&quot;classic&quot;}\">\n\t\t\t<div class=\"elementor-widget-wrap elementor-element-populated\">\n\t\t\t\t\t\t<div class=\"elementor-element elementor-element-aa7ee4b elementor-widget elementor-widget-text-editor\" data-id=\"aa7ee4b\" data-element_type=\"widget\" data-e-type=\"widget\" data-widget_type=\"text-editor.default\">\n\t\t\t\t<div class=\"elementor-widget-container\">\n\t\t\t\t\t\t\t\t\t<h3>Diesis Network, EU<\/h3><p>Diesis Network est l\u2019un des plus grand r\u00e9seau europ\u00e9en sp\u00e9cialis\u00e9 dans le soutien \u00e0 l\u2019\u00e9conomie sociale, le d\u00e9veloppement de l\u2019entreprise sociale et l\u2019innovation sociale en Europe par l\u2019impl\u00e9mentation d\u2019activit\u00e9s bas\u00e9es sur la connaissance, comme la formation, la construction de projets, la consultance, l\u2019assistance technique et la recherche.<\/p><p>Comme entreprise d\u2019\u00e9conomie sociale, un de leurs objectifs est \u00ab\u00a0\u00e9galit\u00e9\u00a0et droits\u00a0\u00bb, qui promeut l\u2019\u00e9galit\u00e9 de genres et des droits humains. Leurs projets sont surtout transnationaux et contribuent \u00e0 atteindre les objectifs du d\u00e9veloppement durable, avec l\u2019objectif d\u2019en maximiser l\u2019impact social.<\/p><h4>Webiste:<span style=\"color: #55a2a0;\"> <a style=\"color: #55a2a0;\" href=\"https:\/\/www.diesis.coop\/\">https:\/\/www.diesis.coop\/<\/a><\/span><\/h4>\t\t\t\t\t\t\t\t<\/div>\n\t\t\t\t<\/div>\n\t\t\t\t\t<\/div>\n\t\t<\/div>\n\t\t\t\t\t<\/div>\n\t\t<\/section>\n\t\t\t\t<\/div>\n\t\t","protected":false},"excerpt":{"rendered":"<p>NOTRE \u00c9QUIPE Le projet Zelda est r\u00e9alis\u00e9 par six organisations\/associations de quatre pays europ\u00e9ens (Italie, Hongrie, Belgique et France) avec l\u2019objectif de cr\u00e9er un parcours interdisciplinaire qui permettra de renforcer les comp\u00e9tences professionnelles des formateurs par la construction d\u2019un r\u00e9seau solide de professionnels qui partagent cette approche. Cooperativa Ruah, Italy [&hellip;]<\/p>\n","protected":false},"author":2,"featured_media":0,"parent":0,"menu_order":0,"comment_status":"closed","ping_status":"closed","template":"","meta":{"footnotes":""},"class_list":["post-1114","page","type-page","status-publish","hentry","wpbf-post"],"yoast_head":"<!-- This site is optimized with the Yoast SEO plugin v27.5 - https:\/\/yoast.com\/product\/yoast-seo-wordpress\/ -->\n<title>Notre \u00c9quipe - Training 4 Interculturality<\/title>\n<meta name=\"robots\" content=\"index, follow, max-snippet:-1, max-image-preview:large, max-video-preview:-1\" \/>\n<link rel=\"canonical\" href=\"https:\/\/www.training4interculturality.eu\/fr\/our-team\/\" \/>\n<meta property=\"og:locale\" content=\"fr_FR\" \/>\n<meta property=\"og:type\" content=\"article\" \/>\n<meta property=\"og:title\" content=\"Notre \u00c9quipe - Training 4 Interculturality\" \/>\n<meta property=\"og:description\" content=\"NOTRE \u00c9QUIPE Le projet Zelda est r\u00e9alis\u00e9 par six organisations\/associations de quatre pays europ\u00e9ens (Italie, Hongrie, Belgique et France) avec l\u2019objectif de cr\u00e9er un parcours interdisciplinaire qui permettra de renforcer les comp\u00e9tences professionnelles des formateurs par la construction d\u2019un r\u00e9seau solide de professionnels qui partagent cette approche. Cooperativa Ruah, Italy [&hellip;]\" \/>\n<meta property=\"og:url\" content=\"https:\/\/www.training4interculturality.eu\/fr\/our-team\/\" \/>\n<meta property=\"og:site_name\" content=\"Training 4 Interculturality\" \/>\n<meta property=\"article:modified_time\" content=\"2022-06-30T15:32:17+00:00\" \/>\n<meta property=\"og:image\" content=\"https:\/\/www.training4interculturality.eu\/wp-content\/uploads\/2020\/12\/logo_coop_ruah.png\" \/>\n<meta name=\"twitter:card\" content=\"summary_large_image\" \/>\n<script type=\"application\/ld+json\" class=\"yoast-schema-graph\">{\"@context\":\"https:\\\/\\\/schema.org\",\"@graph\":[{\"@type\":\"WebPage\",\"@id\":\"https:\\\/\\\/www.training4interculturality.eu\\\/fr\\\/our-team\\\/\",\"url\":\"https:\\\/\\\/www.training4interculturality.eu\\\/fr\\\/our-team\\\/\",\"name\":\"Notre \u00c9quipe - Training 4 Interculturality\",\"isPartOf\":{\"@id\":\"https:\\\/\\\/www.training4interculturality.eu\\\/it\\\/#website\"},\"primaryImageOfPage\":{\"@id\":\"https:\\\/\\\/www.training4interculturality.eu\\\/fr\\\/our-team\\\/#primaryimage\"},\"image\":{\"@id\":\"https:\\\/\\\/www.training4interculturality.eu\\\/fr\\\/our-team\\\/#primaryimage\"},\"thumbnailUrl\":\"https:\\\/\\\/www.training4interculturality.eu\\\/wp-content\\\/uploads\\\/2020\\\/12\\\/logo_coop_ruah.png\",\"datePublished\":\"2021-02-10T11:14:58+00:00\",\"dateModified\":\"2022-06-30T15:32:17+00:00\",\"breadcrumb\":{\"@id\":\"https:\\\/\\\/www.training4interculturality.eu\\\/fr\\\/our-team\\\/#breadcrumb\"},\"inLanguage\":\"fr-FR\",\"potentialAction\":[{\"@type\":\"ReadAction\",\"target\":[\"https:\\\/\\\/www.training4interculturality.eu\\\/fr\\\/our-team\\\/\"]}]},{\"@type\":\"ImageObject\",\"inLanguage\":\"fr-FR\",\"@id\":\"https:\\\/\\\/www.training4interculturality.eu\\\/fr\\\/our-team\\\/#primaryimage\",\"url\":\"https:\\\/\\\/www.training4interculturality.eu\\\/wp-content\\\/uploads\\\/2020\\\/12\\\/logo_coop_ruah.png\",\"contentUrl\":\"https:\\\/\\\/www.training4interculturality.eu\\\/wp-content\\\/uploads\\\/2020\\\/12\\\/logo_coop_ruah.png\"},{\"@type\":\"BreadcrumbList\",\"@id\":\"https:\\\/\\\/www.training4interculturality.eu\\\/fr\\\/our-team\\\/#breadcrumb\",\"itemListElement\":[{\"@type\":\"ListItem\",\"position\":1,\"name\":\"Home\",\"item\":\"https:\\\/\\\/www.training4interculturality.eu\\\/fr\\\/home\\\/\"},{\"@type\":\"ListItem\",\"position\":2,\"name\":\"Notre \u00c9quipe\"}]},{\"@type\":\"WebSite\",\"@id\":\"https:\\\/\\\/www.training4interculturality.eu\\\/it\\\/#website\",\"url\":\"https:\\\/\\\/www.training4interculturality.eu\\\/it\\\/\",\"name\":\"Training 4 Interculturality\",\"description\":\"\",\"publisher\":{\"@id\":\"https:\\\/\\\/www.training4interculturality.eu\\\/it\\\/#organization\"},\"potentialAction\":[{\"@type\":\"SearchAction\",\"target\":{\"@type\":\"EntryPoint\",\"urlTemplate\":\"https:\\\/\\\/www.training4interculturality.eu\\\/it\\\/?s={search_term_string}\"},\"query-input\":{\"@type\":\"PropertyValueSpecification\",\"valueRequired\":true,\"valueName\":\"search_term_string\"}}],\"inLanguage\":\"fr-FR\"},{\"@type\":\"Organization\",\"@id\":\"https:\\\/\\\/www.training4interculturality.eu\\\/it\\\/#organization\",\"name\":\"Training 4 Interculturality\",\"url\":\"https:\\\/\\\/www.training4interculturality.eu\\\/it\\\/\",\"logo\":{\"@type\":\"ImageObject\",\"inLanguage\":\"fr-FR\",\"@id\":\"https:\\\/\\\/www.training4interculturality.eu\\\/it\\\/#\\\/schema\\\/logo\\\/image\\\/\",\"url\":\"https:\\\/\\\/www.training4interculturality.eu\\\/wp-content\\\/uploads\\\/2020\\\/12\\\/ZELDA_Logo-1.png\",\"contentUrl\":\"https:\\\/\\\/www.training4interculturality.eu\\\/wp-content\\\/uploads\\\/2020\\\/12\\\/ZELDA_Logo-1.png\",\"width\":768,\"height\":768,\"caption\":\"Training 4 Interculturality\"},\"image\":{\"@id\":\"https:\\\/\\\/www.training4interculturality.eu\\\/it\\\/#\\\/schema\\\/logo\\\/image\\\/\"}}]}<\/script>\n<!-- \/ Yoast SEO plugin. -->","yoast_head_json":{"title":"Notre \u00c9quipe - Training 4 Interculturality","robots":{"index":"index","follow":"follow","max-snippet":"max-snippet:-1","max-image-preview":"max-image-preview:large","max-video-preview":"max-video-preview:-1"},"canonical":"https:\/\/www.training4interculturality.eu\/fr\/our-team\/","og_locale":"fr_FR","og_type":"article","og_title":"Notre \u00c9quipe - Training 4 Interculturality","og_description":"NOTRE \u00c9QUIPE Le projet Zelda est r\u00e9alis\u00e9 par six organisations\/associations de quatre pays europ\u00e9ens (Italie, Hongrie, Belgique et France) avec l\u2019objectif de cr\u00e9er un parcours interdisciplinaire qui permettra de renforcer les comp\u00e9tences professionnelles des formateurs par la construction d\u2019un r\u00e9seau solide de professionnels qui partagent cette approche. Cooperativa Ruah, Italy [&hellip;]","og_url":"https:\/\/www.training4interculturality.eu\/fr\/our-team\/","og_site_name":"Training 4 Interculturality","article_modified_time":"2022-06-30T15:32:17+00:00","og_image":[{"url":"https:\/\/www.training4interculturality.eu\/wp-content\/uploads\/2020\/12\/logo_coop_ruah.png","type":"","width":"","height":""}],"twitter_card":"summary_large_image","schema":{"@context":"https:\/\/schema.org","@graph":[{"@type":"WebPage","@id":"https:\/\/www.training4interculturality.eu\/fr\/our-team\/","url":"https:\/\/www.training4interculturality.eu\/fr\/our-team\/","name":"Notre \u00c9quipe - Training 4 Interculturality","isPartOf":{"@id":"https:\/\/www.training4interculturality.eu\/it\/#website"},"primaryImageOfPage":{"@id":"https:\/\/www.training4interculturality.eu\/fr\/our-team\/#primaryimage"},"image":{"@id":"https:\/\/www.training4interculturality.eu\/fr\/our-team\/#primaryimage"},"thumbnailUrl":"https:\/\/www.training4interculturality.eu\/wp-content\/uploads\/2020\/12\/logo_coop_ruah.png","datePublished":"2021-02-10T11:14:58+00:00","dateModified":"2022-06-30T15:32:17+00:00","breadcrumb":{"@id":"https:\/\/www.training4interculturality.eu\/fr\/our-team\/#breadcrumb"},"inLanguage":"fr-FR","potentialAction":[{"@type":"ReadAction","target":["https:\/\/www.training4interculturality.eu\/fr\/our-team\/"]}]},{"@type":"ImageObject","inLanguage":"fr-FR","@id":"https:\/\/www.training4interculturality.eu\/fr\/our-team\/#primaryimage","url":"https:\/\/www.training4interculturality.eu\/wp-content\/uploads\/2020\/12\/logo_coop_ruah.png","contentUrl":"https:\/\/www.training4interculturality.eu\/wp-content\/uploads\/2020\/12\/logo_coop_ruah.png"},{"@type":"BreadcrumbList","@id":"https:\/\/www.training4interculturality.eu\/fr\/our-team\/#breadcrumb","itemListElement":[{"@type":"ListItem","position":1,"name":"Home","item":"https:\/\/www.training4interculturality.eu\/fr\/home\/"},{"@type":"ListItem","position":2,"name":"Notre \u00c9quipe"}]},{"@type":"WebSite","@id":"https:\/\/www.training4interculturality.eu\/it\/#website","url":"https:\/\/www.training4interculturality.eu\/it\/","name":"Training 4 Interculturality","description":"","publisher":{"@id":"https:\/\/www.training4interculturality.eu\/it\/#organization"},"potentialAction":[{"@type":"SearchAction","target":{"@type":"EntryPoint","urlTemplate":"https:\/\/www.training4interculturality.eu\/it\/?s={search_term_string}"},"query-input":{"@type":"PropertyValueSpecification","valueRequired":true,"valueName":"search_term_string"}}],"inLanguage":"fr-FR"},{"@type":"Organization","@id":"https:\/\/www.training4interculturality.eu\/it\/#organization","name":"Training 4 Interculturality","url":"https:\/\/www.training4interculturality.eu\/it\/","logo":{"@type":"ImageObject","inLanguage":"fr-FR","@id":"https:\/\/www.training4interculturality.eu\/it\/#\/schema\/logo\/image\/","url":"https:\/\/www.training4interculturality.eu\/wp-content\/uploads\/2020\/12\/ZELDA_Logo-1.png","contentUrl":"https:\/\/www.training4interculturality.eu\/wp-content\/uploads\/2020\/12\/ZELDA_Logo-1.png","width":768,"height":768,"caption":"Training 4 Interculturality"},"image":{"@id":"https:\/\/www.training4interculturality.eu\/it\/#\/schema\/logo\/image\/"}}]}},"_links":{"self":[{"href":"https:\/\/www.training4interculturality.eu\/fr\/wp-json\/wp\/v2\/pages\/1114","targetHints":{"allow":["GET"]}}],"collection":[{"href":"https:\/\/www.training4interculturality.eu\/fr\/wp-json\/wp\/v2\/pages"}],"about":[{"href":"https:\/\/www.training4interculturality.eu\/fr\/wp-json\/wp\/v2\/types\/page"}],"author":[{"embeddable":true,"href":"https:\/\/www.training4interculturality.eu\/fr\/wp-json\/wp\/v2\/users\/2"}],"replies":[{"embeddable":true,"href":"https:\/\/www.training4interculturality.eu\/fr\/wp-json\/wp\/v2\/comments?post=1114"}],"version-history":[{"count":13,"href":"https:\/\/www.training4interculturality.eu\/fr\/wp-json\/wp\/v2\/pages\/1114\/revisions"}],"predecessor-version":[{"id":3014,"href":"https:\/\/www.training4interculturality.eu\/fr\/wp-json\/wp\/v2\/pages\/1114\/revisions\/3014"}],"wp:attachment":[{"href":"https:\/\/www.training4interculturality.eu\/fr\/wp-json\/wp\/v2\/media?parent=1114"}],"curies":[{"name":"wp","href":"https:\/\/api.w.org\/{rel}","templated":true}]}}