{"id":1122,"date":"2021-02-10T12:15:08","date_gmt":"2021-02-10T11:15:08","guid":{"rendered":"https:\/\/www.training4interculturality.eu\/the-project\/"},"modified":"2021-10-04T16:17:38","modified_gmt":"2021-10-04T14:17:38","slug":"the-project","status":"publish","type":"page","link":"https:\/\/www.training4interculturality.eu\/fr\/the-project\/","title":{"rendered":"Le Projet"},"content":{"rendered":"\t\t<div data-elementor-type=\"wp-page\" data-elementor-id=\"1122\" class=\"elementor elementor-1122\" data-elementor-post-type=\"page\">\n\t\t\t\t\t\t<section class=\"elementor-section elementor-top-section elementor-element elementor-element-103f014 elementor-section-boxed elementor-section-height-default elementor-section-height-default\" data-id=\"103f014\" data-element_type=\"section\" data-e-type=\"section\">\n\t\t\t\t\t\t<div class=\"elementor-container elementor-column-gap-default\">\n\t\t\t\t\t<div class=\"elementor-column elementor-col-100 elementor-top-column elementor-element elementor-element-aa69a7c\" data-id=\"aa69a7c\" data-element_type=\"column\" data-e-type=\"column\">\n\t\t\t<div class=\"elementor-widget-wrap elementor-element-populated\">\n\t\t\t\t\t\t<div class=\"elementor-element elementor-element-7a029f6 elementor-widget elementor-widget-heading\" data-id=\"7a029f6\" data-element_type=\"widget\" data-e-type=\"widget\" data-widget_type=\"heading.default\">\n\t\t\t\t<div class=\"elementor-widget-container\">\n\t\t\t\t\t<h1 class=\"elementor-heading-title elementor-size-xxl\">A propos du projet<\/h1>\t\t\t\t<\/div>\n\t\t\t\t<\/div>\n\t\t\t\t<div class=\"elementor-element elementor-element-a1c3f52 elementor-widget elementor-widget-text-editor\" data-id=\"a1c3f52\" data-element_type=\"widget\" data-e-type=\"widget\" data-widget_type=\"text-editor.default\">\n\t\t\t\t<div class=\"elementor-widget-container\">\n\t\t\t\t\t\t\t\t\t<p>Durant ces quarante derni\u00e8res ann\u00e9es, l\u2019Europe est devenue une soci\u00e9t\u00e9 multiculturelle, multilingue et plurireligieuse. Pour faire face \u00e0 ces changements, il est n\u00e9cessaire de d\u00e9velopper des attitudes interculturelles pour g\u00e9rer les diff\u00e9rences culturelles qui caract\u00e9risent de mani\u00e8re croissante les \u00e9coles, les lieux de travail, les services sociaux et les espaces publics.<\/p><p>Pourtant, les comp\u00e9tences interculturelles ne peuvent \u00eatre improvis\u00e9es, elles n\u00e9cessitent une formation sp\u00e9cifique et une attitude auto-r\u00e9flexive. L\u2019approche interculturelle de Cohen-Emerique invite les formateurs, \u00e9ducateurs, volontaires, voire tout le monde \u00e0 vivre ces diff\u00e9rences et chocs culturels comme autant d\u2019opportunit\u00e9s d\u2019une prise de conscience des points de vue culturels de chaque individu et de pouvoir les partager afin de promouvoir le dialogue et la compr\u00e9hension r\u00e9ciproque.<\/p><p>Les principaux objectifs de Zelda sont de favoriser les comp\u00e9tences interculturelles dans diff\u00e9rents groupes en diffusant l\u2019approche interculturelle de Margalit Cohen-Emerique par des formations, l\u2019organisation d\u2019\u00e9v\u00e9nements multiplicateurs et le d\u00e9veloppement de l\u2019approche interculturelle dans la sph\u00e8re priv\u00e9e et publique afin d\u2019aider \u00e0 lutter contre la discrimination, le racisme et l\u2019extr\u00e9misme.<\/p><p>Le projet vise \u00e0 atteindre ces objectifs par six r\u00e9alisations innovantes:<\/p><ul><li>Cadre des comp\u00e9tences des formateurs qui utiliseront l\u2019approche interculturelle de Margalit Cohen-Emerique<\/li><li>Curriculum de formation<\/li><li>Manuel\u00a0: recension des zones sensibles<\/li><li>Boite \u00e0 outils d\u2019innovations m\u00e9thodologiques<\/li><li>Mat\u00e9riels multim\u00e9dias<\/li><li>Plateforme de formation en ligne<\/li><\/ul><p>La premi\u00e8re production sera disponible sous peu. Elle s\u2019adresse aux formateurs qui souhaitent apprendre l\u2019approche d\u00e9velopp\u00e9e par Cohen-Emerique afin d\u2019acqu\u00e9rir les comp\u00e9tences n\u00e9cessaires pour dispenser efficacement des formations interculturelles bas\u00e9es sur cette m\u00e9thode. Ce cadre de comp\u00e9tences pourra aussi \u00eatre utilis\u00e9 par les institutions qui souhaitent engager des formateurs qui dispenseront des formations bas\u00e9es sur la m\u00e9thodologie de Margalit Cohen-Emerique.<\/p>\t\t\t\t\t\t\t\t<\/div>\n\t\t\t\t<\/div>\n\t\t\t\t\t<\/div>\n\t\t<\/div>\n\t\t\t\t\t<\/div>\n\t\t<\/section>\n\t\t\t\t<section class=\"elementor-section elementor-top-section elementor-element elementor-element-b6b5b64 elementor-section-stretched elementor-section-full_width elementor-section-height-default elementor-section-height-default\" data-id=\"b6b5b64\" data-element_type=\"section\" data-e-type=\"section\" data-settings=\"{&quot;stretch_section&quot;:&quot;section-stretched&quot;}\">\n\t\t\t\t\t\t<div class=\"elementor-container elementor-column-gap-no\">\n\t\t\t\t\t<div class=\"elementor-column elementor-col-33 elementor-top-column elementor-element elementor-element-e256df5\" data-id=\"e256df5\" data-element_type=\"column\" data-e-type=\"column\">\n\t\t\t<div class=\"elementor-widget-wrap elementor-element-populated\">\n\t\t\t\t\t\t<div class=\"elementor-element elementor-element-bad0842 elementor-widget elementor-widget-image\" data-id=\"bad0842\" data-element_type=\"widget\" data-e-type=\"widget\" data-widget_type=\"image.default\">\n\t\t\t\t<div class=\"elementor-widget-container\">\n\t\t\t\t\t\t\t\t\t\t\t\t\t\t\t<img fetchpriority=\"high\" decoding=\"async\" width=\"1024\" height=\"683\" src=\"https:\/\/www.training4interculturality.eu\/wp-content\/uploads\/2020\/12\/B-1024x683.jpg\" class=\"attachment-large size-large wp-image-289\" alt=\"\" srcset=\"https:\/\/www.training4interculturality.eu\/wp-content\/uploads\/2020\/12\/B-1024x683.jpg 1024w, https:\/\/www.training4interculturality.eu\/wp-content\/uploads\/2020\/12\/B-300x200.jpg 300w, https:\/\/www.training4interculturality.eu\/wp-content\/uploads\/2020\/12\/B-768x512.jpg 768w, https:\/\/www.training4interculturality.eu\/wp-content\/uploads\/2020\/12\/B-1536x1024.jpg 1536w, https:\/\/www.training4interculturality.eu\/wp-content\/uploads\/2020\/12\/B-2048x1365.jpg 2048w\" sizes=\"(max-width: 1024px) 100vw, 1024px\" \/>\t\t\t\t\t\t\t\t\t\t\t\t\t\t\t<\/div>\n\t\t\t\t<\/div>\n\t\t\t\t\t<\/div>\n\t\t<\/div>\n\t\t\t\t<div class=\"elementor-column elementor-col-33 elementor-top-column elementor-element elementor-element-4c3ca23\" data-id=\"4c3ca23\" data-element_type=\"column\" data-e-type=\"column\">\n\t\t\t<div class=\"elementor-widget-wrap elementor-element-populated\">\n\t\t\t\t\t\t<div class=\"elementor-element elementor-element-f851674 elementor-widget elementor-widget-image\" data-id=\"f851674\" data-element_type=\"widget\" data-e-type=\"widget\" data-widget_type=\"image.default\">\n\t\t\t\t<div class=\"elementor-widget-container\">\n\t\t\t\t\t\t\t\t\t\t\t\t\t\t\t<img decoding=\"async\" width=\"1024\" height=\"683\" data-src=\"https:\/\/www.training4interculturality.eu\/wp-content\/uploads\/2020\/12\/C-1024x683.jpg\" class=\"attachment-large size-large wp-image-287 lazyload\" alt=\"\" data-srcset=\"https:\/\/www.training4interculturality.eu\/wp-content\/uploads\/2020\/12\/C-1024x683.jpg 1024w, https:\/\/www.training4interculturality.eu\/wp-content\/uploads\/2020\/12\/C-300x200.jpg 300w, https:\/\/www.training4interculturality.eu\/wp-content\/uploads\/2020\/12\/C-768x512.jpg 768w, https:\/\/www.training4interculturality.eu\/wp-content\/uploads\/2020\/12\/C-1536x1024.jpg 1536w, https:\/\/www.training4interculturality.eu\/wp-content\/uploads\/2020\/12\/C-2048x1365.jpg 2048w\" data-sizes=\"(max-width: 1024px) 100vw, 1024px\" src=\"data:image\/svg+xml;base64,PHN2ZyB3aWR0aD0iMSIgaGVpZ2h0PSIxIiB4bWxucz0iaHR0cDovL3d3dy53My5vcmcvMjAwMC9zdmciPjwvc3ZnPg==\" style=\"--smush-placeholder-width: 1024px; --smush-placeholder-aspect-ratio: 1024\/683;\" \/>\t\t\t\t\t\t\t\t\t\t\t\t\t\t\t<\/div>\n\t\t\t\t<\/div>\n\t\t\t\t\t<\/div>\n\t\t<\/div>\n\t\t\t\t<div class=\"elementor-column elementor-col-33 elementor-top-column elementor-element elementor-element-e35d929\" data-id=\"e35d929\" data-element_type=\"column\" data-e-type=\"column\">\n\t\t\t<div class=\"elementor-widget-wrap elementor-element-populated\">\n\t\t\t\t\t\t<div class=\"elementor-element elementor-element-f14dd56 elementor-widget elementor-widget-image\" data-id=\"f14dd56\" data-element_type=\"widget\" data-e-type=\"widget\" data-widget_type=\"image.default\">\n\t\t\t\t<div class=\"elementor-widget-container\">\n\t\t\t\t\t\t\t\t\t\t\t\t\t\t\t<img decoding=\"async\" width=\"1024\" height=\"683\" data-src=\"https:\/\/www.training4interculturality.eu\/wp-content\/uploads\/2020\/12\/A-1024x683.jpg\" class=\"attachment-large size-large wp-image-291 lazyload\" alt=\"\" data-srcset=\"https:\/\/www.training4interculturality.eu\/wp-content\/uploads\/2020\/12\/A-1024x683.jpg 1024w, https:\/\/www.training4interculturality.eu\/wp-content\/uploads\/2020\/12\/A-300x200.jpg 300w, https:\/\/www.training4interculturality.eu\/wp-content\/uploads\/2020\/12\/A-768x512.jpg 768w, https:\/\/www.training4interculturality.eu\/wp-content\/uploads\/2020\/12\/A-1536x1024.jpg 1536w, https:\/\/www.training4interculturality.eu\/wp-content\/uploads\/2020\/12\/A-2048x1365.jpg 2048w\" data-sizes=\"(max-width: 1024px) 100vw, 1024px\" src=\"data:image\/svg+xml;base64,PHN2ZyB3aWR0aD0iMSIgaGVpZ2h0PSIxIiB4bWxucz0iaHR0cDovL3d3dy53My5vcmcvMjAwMC9zdmciPjwvc3ZnPg==\" style=\"--smush-placeholder-width: 1024px; --smush-placeholder-aspect-ratio: 1024\/683;\" \/>\t\t\t\t\t\t\t\t\t\t\t\t\t\t\t<\/div>\n\t\t\t\t<\/div>\n\t\t\t\t\t<\/div>\n\t\t<\/div>\n\t\t\t\t\t<\/div>\n\t\t<\/section>\n\t\t\t\t<\/div>\n\t\t","protected":false},"excerpt":{"rendered":"<p>A propos du projet Durant ces quarante derni\u00e8res ann\u00e9es, l\u2019Europe est devenue une soci\u00e9t\u00e9 multiculturelle, multilingue et plurireligieuse. Pour faire face \u00e0 ces changements, il est n\u00e9cessaire de d\u00e9velopper des attitudes interculturelles pour g\u00e9rer les diff\u00e9rences culturelles qui caract\u00e9risent de mani\u00e8re croissante les \u00e9coles, les lieux de travail, les services [&hellip;]<\/p>\n","protected":false},"author":2,"featured_media":0,"parent":0,"menu_order":0,"comment_status":"closed","ping_status":"closed","template":"","meta":{"footnotes":""},"class_list":["post-1122","page","type-page","status-publish","hentry","wpbf-post"],"yoast_head":"<!-- This site is optimized with the Yoast SEO plugin v27.5 - https:\/\/yoast.com\/product\/yoast-seo-wordpress\/ -->\n<title>Le Projet - Training 4 Interculturality<\/title>\n<meta name=\"robots\" content=\"index, follow, max-snippet:-1, max-image-preview:large, max-video-preview:-1\" \/>\n<link rel=\"canonical\" href=\"https:\/\/www.training4interculturality.eu\/fr\/the-project\/\" \/>\n<meta property=\"og:locale\" content=\"fr_FR\" \/>\n<meta property=\"og:type\" content=\"article\" \/>\n<meta property=\"og:title\" content=\"Le Projet - Training 4 Interculturality\" \/>\n<meta property=\"og:description\" content=\"A propos du projet Durant ces quarante derni\u00e8res ann\u00e9es, l\u2019Europe est devenue une soci\u00e9t\u00e9 multiculturelle, multilingue et plurireligieuse. Pour faire face \u00e0 ces changements, il est n\u00e9cessaire de d\u00e9velopper des attitudes interculturelles pour g\u00e9rer les diff\u00e9rences culturelles qui caract\u00e9risent de mani\u00e8re croissante les \u00e9coles, les lieux de travail, les services [&hellip;]\" \/>\n<meta property=\"og:url\" content=\"https:\/\/www.training4interculturality.eu\/fr\/the-project\/\" \/>\n<meta property=\"og:site_name\" content=\"Training 4 Interculturality\" \/>\n<meta property=\"article:modified_time\" content=\"2021-10-04T14:17:38+00:00\" \/>\n<meta property=\"og:image\" content=\"https:\/\/www.training4interculturality.eu\/wp-content\/uploads\/2020\/12\/B-1024x683.jpg\" \/>\n<meta name=\"twitter:card\" content=\"summary_large_image\" \/>\n<script type=\"application\/ld+json\" class=\"yoast-schema-graph\">{\"@context\":\"https:\\\/\\\/schema.org\",\"@graph\":[{\"@type\":\"WebPage\",\"@id\":\"https:\\\/\\\/www.training4interculturality.eu\\\/fr\\\/the-project\\\/\",\"url\":\"https:\\\/\\\/www.training4interculturality.eu\\\/fr\\\/the-project\\\/\",\"name\":\"Le Projet - Training 4 Interculturality\",\"isPartOf\":{\"@id\":\"https:\\\/\\\/www.training4interculturality.eu\\\/it\\\/#website\"},\"primaryImageOfPage\":{\"@id\":\"https:\\\/\\\/www.training4interculturality.eu\\\/fr\\\/the-project\\\/#primaryimage\"},\"image\":{\"@id\":\"https:\\\/\\\/www.training4interculturality.eu\\\/fr\\\/the-project\\\/#primaryimage\"},\"thumbnailUrl\":\"https:\\\/\\\/www.training4interculturality.eu\\\/wp-content\\\/uploads\\\/2020\\\/12\\\/B-1024x683.jpg\",\"datePublished\":\"2021-02-10T11:15:08+00:00\",\"dateModified\":\"2021-10-04T14:17:38+00:00\",\"breadcrumb\":{\"@id\":\"https:\\\/\\\/www.training4interculturality.eu\\\/fr\\\/the-project\\\/#breadcrumb\"},\"inLanguage\":\"fr-FR\",\"potentialAction\":[{\"@type\":\"ReadAction\",\"target\":[\"https:\\\/\\\/www.training4interculturality.eu\\\/fr\\\/the-project\\\/\"]}]},{\"@type\":\"ImageObject\",\"inLanguage\":\"fr-FR\",\"@id\":\"https:\\\/\\\/www.training4interculturality.eu\\\/fr\\\/the-project\\\/#primaryimage\",\"url\":\"https:\\\/\\\/www.training4interculturality.eu\\\/wp-content\\\/uploads\\\/2020\\\/12\\\/B-1024x683.jpg\",\"contentUrl\":\"https:\\\/\\\/www.training4interculturality.eu\\\/wp-content\\\/uploads\\\/2020\\\/12\\\/B-1024x683.jpg\"},{\"@type\":\"BreadcrumbList\",\"@id\":\"https:\\\/\\\/www.training4interculturality.eu\\\/fr\\\/the-project\\\/#breadcrumb\",\"itemListElement\":[{\"@type\":\"ListItem\",\"position\":1,\"name\":\"Home\",\"item\":\"https:\\\/\\\/www.training4interculturality.eu\\\/fr\\\/home\\\/\"},{\"@type\":\"ListItem\",\"position\":2,\"name\":\"Le Projet\"}]},{\"@type\":\"WebSite\",\"@id\":\"https:\\\/\\\/www.training4interculturality.eu\\\/it\\\/#website\",\"url\":\"https:\\\/\\\/www.training4interculturality.eu\\\/it\\\/\",\"name\":\"Training 4 Interculturality\",\"description\":\"\",\"publisher\":{\"@id\":\"https:\\\/\\\/www.training4interculturality.eu\\\/it\\\/#organization\"},\"potentialAction\":[{\"@type\":\"SearchAction\",\"target\":{\"@type\":\"EntryPoint\",\"urlTemplate\":\"https:\\\/\\\/www.training4interculturality.eu\\\/it\\\/?s={search_term_string}\"},\"query-input\":{\"@type\":\"PropertyValueSpecification\",\"valueRequired\":true,\"valueName\":\"search_term_string\"}}],\"inLanguage\":\"fr-FR\"},{\"@type\":\"Organization\",\"@id\":\"https:\\\/\\\/www.training4interculturality.eu\\\/it\\\/#organization\",\"name\":\"Training 4 Interculturality\",\"url\":\"https:\\\/\\\/www.training4interculturality.eu\\\/it\\\/\",\"logo\":{\"@type\":\"ImageObject\",\"inLanguage\":\"fr-FR\",\"@id\":\"https:\\\/\\\/www.training4interculturality.eu\\\/it\\\/#\\\/schema\\\/logo\\\/image\\\/\",\"url\":\"https:\\\/\\\/www.training4interculturality.eu\\\/wp-content\\\/uploads\\\/2020\\\/12\\\/ZELDA_Logo-1.png\",\"contentUrl\":\"https:\\\/\\\/www.training4interculturality.eu\\\/wp-content\\\/uploads\\\/2020\\\/12\\\/ZELDA_Logo-1.png\",\"width\":768,\"height\":768,\"caption\":\"Training 4 Interculturality\"},\"image\":{\"@id\":\"https:\\\/\\\/www.training4interculturality.eu\\\/it\\\/#\\\/schema\\\/logo\\\/image\\\/\"}}]}<\/script>\n<!-- \/ Yoast SEO plugin. -->","yoast_head_json":{"title":"Le Projet - Training 4 Interculturality","robots":{"index":"index","follow":"follow","max-snippet":"max-snippet:-1","max-image-preview":"max-image-preview:large","max-video-preview":"max-video-preview:-1"},"canonical":"https:\/\/www.training4interculturality.eu\/fr\/the-project\/","og_locale":"fr_FR","og_type":"article","og_title":"Le Projet - Training 4 Interculturality","og_description":"A propos du projet Durant ces quarante derni\u00e8res ann\u00e9es, l\u2019Europe est devenue une soci\u00e9t\u00e9 multiculturelle, multilingue et plurireligieuse. Pour faire face \u00e0 ces changements, il est n\u00e9cessaire de d\u00e9velopper des attitudes interculturelles pour g\u00e9rer les diff\u00e9rences culturelles qui caract\u00e9risent de mani\u00e8re croissante les \u00e9coles, les lieux de travail, les services [&hellip;]","og_url":"https:\/\/www.training4interculturality.eu\/fr\/the-project\/","og_site_name":"Training 4 Interculturality","article_modified_time":"2021-10-04T14:17:38+00:00","og_image":[{"url":"https:\/\/www.training4interculturality.eu\/wp-content\/uploads\/2020\/12\/B-1024x683.jpg","type":"","width":"","height":""}],"twitter_card":"summary_large_image","schema":{"@context":"https:\/\/schema.org","@graph":[{"@type":"WebPage","@id":"https:\/\/www.training4interculturality.eu\/fr\/the-project\/","url":"https:\/\/www.training4interculturality.eu\/fr\/the-project\/","name":"Le Projet - Training 4 Interculturality","isPartOf":{"@id":"https:\/\/www.training4interculturality.eu\/it\/#website"},"primaryImageOfPage":{"@id":"https:\/\/www.training4interculturality.eu\/fr\/the-project\/#primaryimage"},"image":{"@id":"https:\/\/www.training4interculturality.eu\/fr\/the-project\/#primaryimage"},"thumbnailUrl":"https:\/\/www.training4interculturality.eu\/wp-content\/uploads\/2020\/12\/B-1024x683.jpg","datePublished":"2021-02-10T11:15:08+00:00","dateModified":"2021-10-04T14:17:38+00:00","breadcrumb":{"@id":"https:\/\/www.training4interculturality.eu\/fr\/the-project\/#breadcrumb"},"inLanguage":"fr-FR","potentialAction":[{"@type":"ReadAction","target":["https:\/\/www.training4interculturality.eu\/fr\/the-project\/"]}]},{"@type":"ImageObject","inLanguage":"fr-FR","@id":"https:\/\/www.training4interculturality.eu\/fr\/the-project\/#primaryimage","url":"https:\/\/www.training4interculturality.eu\/wp-content\/uploads\/2020\/12\/B-1024x683.jpg","contentUrl":"https:\/\/www.training4interculturality.eu\/wp-content\/uploads\/2020\/12\/B-1024x683.jpg"},{"@type":"BreadcrumbList","@id":"https:\/\/www.training4interculturality.eu\/fr\/the-project\/#breadcrumb","itemListElement":[{"@type":"ListItem","position":1,"name":"Home","item":"https:\/\/www.training4interculturality.eu\/fr\/home\/"},{"@type":"ListItem","position":2,"name":"Le Projet"}]},{"@type":"WebSite","@id":"https:\/\/www.training4interculturality.eu\/it\/#website","url":"https:\/\/www.training4interculturality.eu\/it\/","name":"Training 4 Interculturality","description":"","publisher":{"@id":"https:\/\/www.training4interculturality.eu\/it\/#organization"},"potentialAction":[{"@type":"SearchAction","target":{"@type":"EntryPoint","urlTemplate":"https:\/\/www.training4interculturality.eu\/it\/?s={search_term_string}"},"query-input":{"@type":"PropertyValueSpecification","valueRequired":true,"valueName":"search_term_string"}}],"inLanguage":"fr-FR"},{"@type":"Organization","@id":"https:\/\/www.training4interculturality.eu\/it\/#organization","name":"Training 4 Interculturality","url":"https:\/\/www.training4interculturality.eu\/it\/","logo":{"@type":"ImageObject","inLanguage":"fr-FR","@id":"https:\/\/www.training4interculturality.eu\/it\/#\/schema\/logo\/image\/","url":"https:\/\/www.training4interculturality.eu\/wp-content\/uploads\/2020\/12\/ZELDA_Logo-1.png","contentUrl":"https:\/\/www.training4interculturality.eu\/wp-content\/uploads\/2020\/12\/ZELDA_Logo-1.png","width":768,"height":768,"caption":"Training 4 Interculturality"},"image":{"@id":"https:\/\/www.training4interculturality.eu\/it\/#\/schema\/logo\/image\/"}}]}},"_links":{"self":[{"href":"https:\/\/www.training4interculturality.eu\/fr\/wp-json\/wp\/v2\/pages\/1122","targetHints":{"allow":["GET"]}}],"collection":[{"href":"https:\/\/www.training4interculturality.eu\/fr\/wp-json\/wp\/v2\/pages"}],"about":[{"href":"https:\/\/www.training4interculturality.eu\/fr\/wp-json\/wp\/v2\/types\/page"}],"author":[{"embeddable":true,"href":"https:\/\/www.training4interculturality.eu\/fr\/wp-json\/wp\/v2\/users\/2"}],"replies":[{"embeddable":true,"href":"https:\/\/www.training4interculturality.eu\/fr\/wp-json\/wp\/v2\/comments?post=1122"}],"version-history":[{"count":9,"href":"https:\/\/www.training4interculturality.eu\/fr\/wp-json\/wp\/v2\/pages\/1122\/revisions"}],"predecessor-version":[{"id":1291,"href":"https:\/\/www.training4interculturality.eu\/fr\/wp-json\/wp\/v2\/pages\/1122\/revisions\/1291"}],"wp:attachment":[{"href":"https:\/\/www.training4interculturality.eu\/fr\/wp-json\/wp\/v2\/media?parent=1122"}],"curies":[{"name":"wp","href":"https:\/\/api.w.org\/{rel}","templated":true}]}}