{"id":728,"date":"2021-02-10T12:15:08","date_gmt":"2021-02-10T11:15:08","guid":{"rendered":"https:\/\/www.training4interculturality.eu\/the-project\/"},"modified":"2021-03-03T10:51:28","modified_gmt":"2021-03-03T09:51:28","slug":"the-project","status":"publish","type":"page","link":"https:\/\/www.training4interculturality.eu\/it\/the-project\/","title":{"rendered":"Il Progetto"},"content":{"rendered":"\t\t<div data-elementor-type=\"wp-page\" data-elementor-id=\"728\" class=\"elementor elementor-728\" data-elementor-post-type=\"page\">\n\t\t\t\t\t\t<section class=\"elementor-section elementor-top-section elementor-element elementor-element-103f014 elementor-section-boxed elementor-section-height-default elementor-section-height-default\" data-id=\"103f014\" data-element_type=\"section\" data-e-type=\"section\">\n\t\t\t\t\t\t<div class=\"elementor-container elementor-column-gap-default\">\n\t\t\t\t\t<div class=\"elementor-column elementor-col-100 elementor-top-column elementor-element elementor-element-aa69a7c\" data-id=\"aa69a7c\" data-element_type=\"column\" data-e-type=\"column\">\n\t\t\t<div class=\"elementor-widget-wrap elementor-element-populated\">\n\t\t\t\t\t\t<div class=\"elementor-element elementor-element-7a029f6 elementor-widget elementor-widget-heading\" data-id=\"7a029f6\" data-element_type=\"widget\" data-e-type=\"widget\" data-widget_type=\"heading.default\">\n\t\t\t\t<div class=\"elementor-widget-container\">\n\t\t\t\t\t<h1 class=\"elementor-heading-title elementor-size-xxl\">IL PROGETTO<\/h1>\t\t\t\t<\/div>\n\t\t\t\t<\/div>\n\t\t\t\t<div class=\"elementor-element elementor-element-a1c3f52 elementor-widget elementor-widget-text-editor\" data-id=\"a1c3f52\" data-element_type=\"widget\" data-e-type=\"widget\" data-widget_type=\"text-editor.default\">\n\t\t\t\t<div class=\"elementor-widget-container\">\n\t\t\t\t\t\t\t\t\t<p>Negli ultimi quarant&#8217;anni l&#8217;Europa \u00e8 diventata una societ\u00e0 multiculturale, multilingue e multireligiosa. Per far fronte a questi cambiamenti, \u00e8 necessario sviluppare adeguate attitudini interculturali in modo da poter accogliere e gestire le differenze culturali che sempre pi\u00f9 caratterizzano le scuole, i luoghi di lavoro, i servizi sociali e gli spazi pubblici.<\/p>\n<p>Tuttavia, le abilit\u00e0 interculturali non possono essere improvvisate poich\u00e9 richiedono una formazione specifica e un atteggiamento auto-riflessivo. <strong><span style=\"color: #55a2a0;\">L&#8217;approccio interculturale di Cohen Emerique<\/span><\/strong> invita formatori, educatori, volontari e tutte le persone a vivere queste differenze e shock culturali come un&#8217;opportunit\u00e0 per prendere coscienza dei punti di vista culturali di tutti e imparare a condividerli al fine di <strong><span style=\"color: #55a2a0;\">promuovere il dialogo e la comprensione reciproca<\/span><\/strong>.<\/p>\n<p>I principali obiettivi del progetto ZELDA mirano a promuovere le competenze interculturali in diversi gruppi target diffondendo l&#8217;approccio interculturale innovativo di Margalit Cohen-Emerique attraverso corsi di formazione ed eventi di promozione e intendono <strong><span style=\"color: #55a2a0;\">sviluppare un approccio interculturale nella vita pubblica e privata<\/span> <\/strong>in modo da poter aiutare a combattere la discriminazione &nbsp;il razzismo ed ogni forma di estremismo.<\/p>\n<p>Il progetto intende raggiungere questi obiettivi attraverso la realizzazione di <strong><span style=\"color: #55a2a0;\">sei prodotti innovativi<\/span><\/strong> (intellectual outputs):<\/p>\n<ul>\n<li>Quadro delle competenze delle formatrici\/dei formatori che intendono utilizzare l\u2019approccio interculturale di MCE;<\/li>\n<li>Curriculum per la realizzazione di training con il metodo MCE;<\/li>\n<li>Manuale: Raccolta di Zone Sensibili;<\/li>\n<li>Toolkit di innovazioni metodologiche connesse alle tre fasi della metodologia MCE;<\/li>\n<li>Materiali multimediali, come video, che completeranno il pacchetto formativo creato nel progetto;<\/li>\n<li>Hub di formazione online.<\/li>\n<\/ul>\n<p>Il primo prodotto innovativo sar\u00e0 presto disponibile. Esso si rivolge a formatori che desiderano apprendere l&#8217;approccio sviluppato da Cohen-Emerique al fine di acquisire le competenze necessarie per poter svolgere efficacemente formazioni interculturali basati su tale metodo. Il quadro delle competenze potr\u00e0 anche essere utilizzato dalle istituzioni che desiderano assumere formatori in grado di condurre corsi di formazione basati sulla metodologia di Margalit Cohen-Emerique.<\/p>\t\t\t\t\t\t\t\t<\/div>\n\t\t\t\t<\/div>\n\t\t\t\t\t<\/div>\n\t\t<\/div>\n\t\t\t\t\t<\/div>\n\t\t<\/section>\n\t\t\t\t<section class=\"elementor-section elementor-top-section elementor-element elementor-element-b6b5b64 elementor-section-stretched elementor-section-full_width elementor-section-height-default elementor-section-height-default\" data-id=\"b6b5b64\" data-element_type=\"section\" data-e-type=\"section\" data-settings=\"{&quot;stretch_section&quot;:&quot;section-stretched&quot;}\">\n\t\t\t\t\t\t<div class=\"elementor-container elementor-column-gap-no\">\n\t\t\t\t\t<div class=\"elementor-column elementor-col-33 elementor-top-column elementor-element elementor-element-e256df5\" data-id=\"e256df5\" data-element_type=\"column\" data-e-type=\"column\">\n\t\t\t<div class=\"elementor-widget-wrap elementor-element-populated\">\n\t\t\t\t\t\t<div class=\"elementor-element elementor-element-bad0842 elementor-widget elementor-widget-image\" data-id=\"bad0842\" data-element_type=\"widget\" data-e-type=\"widget\" data-widget_type=\"image.default\">\n\t\t\t\t<div class=\"elementor-widget-container\">\n\t\t\t\t\t\t\t\t\t\t\t\t\t\t\t<img fetchpriority=\"high\" decoding=\"async\" width=\"1024\" height=\"683\" src=\"https:\/\/www.training4interculturality.eu\/wp-content\/uploads\/2020\/12\/B-1024x683.jpg\" class=\"attachment-large size-large wp-image-289\" alt=\"\" srcset=\"https:\/\/www.training4interculturality.eu\/wp-content\/uploads\/2020\/12\/B-1024x683.jpg 1024w, https:\/\/www.training4interculturality.eu\/wp-content\/uploads\/2020\/12\/B-300x200.jpg 300w, https:\/\/www.training4interculturality.eu\/wp-content\/uploads\/2020\/12\/B-768x512.jpg 768w, https:\/\/www.training4interculturality.eu\/wp-content\/uploads\/2020\/12\/B-1536x1024.jpg 1536w, https:\/\/www.training4interculturality.eu\/wp-content\/uploads\/2020\/12\/B-2048x1365.jpg 2048w\" sizes=\"(max-width: 1024px) 100vw, 1024px\" \/>\t\t\t\t\t\t\t\t\t\t\t\t\t\t\t<\/div>\n\t\t\t\t<\/div>\n\t\t\t\t\t<\/div>\n\t\t<\/div>\n\t\t\t\t<div class=\"elementor-column elementor-col-33 elementor-top-column elementor-element elementor-element-4c3ca23\" data-id=\"4c3ca23\" data-element_type=\"column\" data-e-type=\"column\">\n\t\t\t<div class=\"elementor-widget-wrap elementor-element-populated\">\n\t\t\t\t\t\t<div class=\"elementor-element elementor-element-f851674 elementor-widget elementor-widget-image\" data-id=\"f851674\" data-element_type=\"widget\" data-e-type=\"widget\" data-widget_type=\"image.default\">\n\t\t\t\t<div class=\"elementor-widget-container\">\n\t\t\t\t\t\t\t\t\t\t\t\t\t\t\t<img decoding=\"async\" width=\"1024\" height=\"683\" data-src=\"https:\/\/www.training4interculturality.eu\/wp-content\/uploads\/2020\/12\/C-1024x683.jpg\" class=\"attachment-large size-large wp-image-287 lazyload\" alt=\"\" data-srcset=\"https:\/\/www.training4interculturality.eu\/wp-content\/uploads\/2020\/12\/C-1024x683.jpg 1024w, https:\/\/www.training4interculturality.eu\/wp-content\/uploads\/2020\/12\/C-300x200.jpg 300w, https:\/\/www.training4interculturality.eu\/wp-content\/uploads\/2020\/12\/C-768x512.jpg 768w, https:\/\/www.training4interculturality.eu\/wp-content\/uploads\/2020\/12\/C-1536x1024.jpg 1536w, https:\/\/www.training4interculturality.eu\/wp-content\/uploads\/2020\/12\/C-2048x1365.jpg 2048w\" data-sizes=\"(max-width: 1024px) 100vw, 1024px\" src=\"data:image\/svg+xml;base64,PHN2ZyB3aWR0aD0iMSIgaGVpZ2h0PSIxIiB4bWxucz0iaHR0cDovL3d3dy53My5vcmcvMjAwMC9zdmciPjwvc3ZnPg==\" style=\"--smush-placeholder-width: 1024px; --smush-placeholder-aspect-ratio: 1024\/683;\" \/>\t\t\t\t\t\t\t\t\t\t\t\t\t\t\t<\/div>\n\t\t\t\t<\/div>\n\t\t\t\t\t<\/div>\n\t\t<\/div>\n\t\t\t\t<div class=\"elementor-column elementor-col-33 elementor-top-column elementor-element elementor-element-e35d929\" data-id=\"e35d929\" data-element_type=\"column\" data-e-type=\"column\">\n\t\t\t<div class=\"elementor-widget-wrap elementor-element-populated\">\n\t\t\t\t\t\t<div class=\"elementor-element elementor-element-f14dd56 elementor-widget elementor-widget-image\" data-id=\"f14dd56\" data-element_type=\"widget\" data-e-type=\"widget\" data-widget_type=\"image.default\">\n\t\t\t\t<div class=\"elementor-widget-container\">\n\t\t\t\t\t\t\t\t\t\t\t\t\t\t\t<img decoding=\"async\" width=\"1024\" height=\"683\" data-src=\"https:\/\/www.training4interculturality.eu\/wp-content\/uploads\/2020\/12\/A-1024x683.jpg\" class=\"attachment-large size-large wp-image-291 lazyload\" alt=\"\" data-srcset=\"https:\/\/www.training4interculturality.eu\/wp-content\/uploads\/2020\/12\/A-1024x683.jpg 1024w, https:\/\/www.training4interculturality.eu\/wp-content\/uploads\/2020\/12\/A-300x200.jpg 300w, https:\/\/www.training4interculturality.eu\/wp-content\/uploads\/2020\/12\/A-768x512.jpg 768w, https:\/\/www.training4interculturality.eu\/wp-content\/uploads\/2020\/12\/A-1536x1024.jpg 1536w, https:\/\/www.training4interculturality.eu\/wp-content\/uploads\/2020\/12\/A-2048x1365.jpg 2048w\" data-sizes=\"(max-width: 1024px) 100vw, 1024px\" src=\"data:image\/svg+xml;base64,PHN2ZyB3aWR0aD0iMSIgaGVpZ2h0PSIxIiB4bWxucz0iaHR0cDovL3d3dy53My5vcmcvMjAwMC9zdmciPjwvc3ZnPg==\" style=\"--smush-placeholder-width: 1024px; --smush-placeholder-aspect-ratio: 1024\/683;\" \/>\t\t\t\t\t\t\t\t\t\t\t\t\t\t\t<\/div>\n\t\t\t\t<\/div>\n\t\t\t\t\t<\/div>\n\t\t<\/div>\n\t\t\t\t\t<\/div>\n\t\t<\/section>\n\t\t\t\t<\/div>\n\t\t","protected":false},"excerpt":{"rendered":"<p>IL PROGETTO Negli ultimi quarant&#8217;anni l&#8217;Europa \u00e8 diventata una societ\u00e0 multiculturale, multilingue e multireligiosa. Per far fronte a questi cambiamenti, \u00e8 necessario sviluppare adeguate attitudini interculturali in modo da poter accogliere e gestire le differenze culturali che sempre pi\u00f9 caratterizzano le scuole, i luoghi di lavoro, i servizi sociali e [&hellip;]<\/p>\n","protected":false},"author":2,"featured_media":0,"parent":0,"menu_order":0,"comment_status":"closed","ping_status":"closed","template":"","meta":{"footnotes":""},"class_list":["post-728","page","type-page","status-publish","hentry","wpbf-post"],"yoast_head":"<!-- This site is optimized with the Yoast SEO plugin v27.5 - https:\/\/yoast.com\/product\/yoast-seo-wordpress\/ -->\n<title>Il Progetto - Training 4 Interculturality<\/title>\n<meta name=\"robots\" content=\"index, follow, max-snippet:-1, max-image-preview:large, max-video-preview:-1\" \/>\n<link rel=\"canonical\" href=\"https:\/\/www.training4interculturality.eu\/it\/the-project\/\" \/>\n<meta property=\"og:locale\" content=\"it_IT\" \/>\n<meta property=\"og:type\" content=\"article\" \/>\n<meta property=\"og:title\" content=\"Il Progetto - Training 4 Interculturality\" \/>\n<meta property=\"og:description\" content=\"IL PROGETTO Negli ultimi quarant&#8217;anni l&#8217;Europa \u00e8 diventata una societ\u00e0 multiculturale, multilingue e multireligiosa. Per far fronte a questi cambiamenti, \u00e8 necessario sviluppare adeguate attitudini interculturali in modo da poter accogliere e gestire le differenze culturali che sempre pi\u00f9 caratterizzano le scuole, i luoghi di lavoro, i servizi sociali e [&hellip;]\" \/>\n<meta property=\"og:url\" content=\"https:\/\/www.training4interculturality.eu\/it\/the-project\/\" \/>\n<meta property=\"og:site_name\" content=\"Training 4 Interculturality\" \/>\n<meta property=\"article:modified_time\" content=\"2021-03-03T09:51:28+00:00\" \/>\n<meta property=\"og:image\" content=\"https:\/\/www.training4interculturality.eu\/wp-content\/uploads\/2020\/12\/B-1024x683.jpg\" \/>\n<meta name=\"twitter:card\" content=\"summary_large_image\" \/>\n<script type=\"application\/ld+json\" class=\"yoast-schema-graph\">{\"@context\":\"https:\\\/\\\/schema.org\",\"@graph\":[{\"@type\":\"WebPage\",\"@id\":\"https:\\\/\\\/www.training4interculturality.eu\\\/it\\\/the-project\\\/\",\"url\":\"https:\\\/\\\/www.training4interculturality.eu\\\/it\\\/the-project\\\/\",\"name\":\"Il Progetto - Training 4 Interculturality\",\"isPartOf\":{\"@id\":\"https:\\\/\\\/www.training4interculturality.eu\\\/it\\\/#website\"},\"primaryImageOfPage\":{\"@id\":\"https:\\\/\\\/www.training4interculturality.eu\\\/it\\\/the-project\\\/#primaryimage\"},\"image\":{\"@id\":\"https:\\\/\\\/www.training4interculturality.eu\\\/it\\\/the-project\\\/#primaryimage\"},\"thumbnailUrl\":\"https:\\\/\\\/www.training4interculturality.eu\\\/wp-content\\\/uploads\\\/2020\\\/12\\\/B-1024x683.jpg\",\"datePublished\":\"2021-02-10T11:15:08+00:00\",\"dateModified\":\"2021-03-03T09:51:28+00:00\",\"breadcrumb\":{\"@id\":\"https:\\\/\\\/www.training4interculturality.eu\\\/it\\\/the-project\\\/#breadcrumb\"},\"inLanguage\":\"it-IT\",\"potentialAction\":[{\"@type\":\"ReadAction\",\"target\":[\"https:\\\/\\\/www.training4interculturality.eu\\\/it\\\/the-project\\\/\"]}]},{\"@type\":\"ImageObject\",\"inLanguage\":\"it-IT\",\"@id\":\"https:\\\/\\\/www.training4interculturality.eu\\\/it\\\/the-project\\\/#primaryimage\",\"url\":\"https:\\\/\\\/www.training4interculturality.eu\\\/wp-content\\\/uploads\\\/2020\\\/12\\\/B-1024x683.jpg\",\"contentUrl\":\"https:\\\/\\\/www.training4interculturality.eu\\\/wp-content\\\/uploads\\\/2020\\\/12\\\/B-1024x683.jpg\"},{\"@type\":\"BreadcrumbList\",\"@id\":\"https:\\\/\\\/www.training4interculturality.eu\\\/it\\\/the-project\\\/#breadcrumb\",\"itemListElement\":[{\"@type\":\"ListItem\",\"position\":1,\"name\":\"Home\",\"item\":\"https:\\\/\\\/www.training4interculturality.eu\\\/it\\\/home\\\/\"},{\"@type\":\"ListItem\",\"position\":2,\"name\":\"Il Progetto\"}]},{\"@type\":\"WebSite\",\"@id\":\"https:\\\/\\\/www.training4interculturality.eu\\\/it\\\/#website\",\"url\":\"https:\\\/\\\/www.training4interculturality.eu\\\/it\\\/\",\"name\":\"Training 4 Interculturality\",\"description\":\"\",\"publisher\":{\"@id\":\"https:\\\/\\\/www.training4interculturality.eu\\\/it\\\/#organization\"},\"potentialAction\":[{\"@type\":\"SearchAction\",\"target\":{\"@type\":\"EntryPoint\",\"urlTemplate\":\"https:\\\/\\\/www.training4interculturality.eu\\\/it\\\/?s={search_term_string}\"},\"query-input\":{\"@type\":\"PropertyValueSpecification\",\"valueRequired\":true,\"valueName\":\"search_term_string\"}}],\"inLanguage\":\"it-IT\"},{\"@type\":\"Organization\",\"@id\":\"https:\\\/\\\/www.training4interculturality.eu\\\/it\\\/#organization\",\"name\":\"Training 4 Interculturality\",\"url\":\"https:\\\/\\\/www.training4interculturality.eu\\\/it\\\/\",\"logo\":{\"@type\":\"ImageObject\",\"inLanguage\":\"it-IT\",\"@id\":\"https:\\\/\\\/www.training4interculturality.eu\\\/it\\\/#\\\/schema\\\/logo\\\/image\\\/\",\"url\":\"https:\\\/\\\/www.training4interculturality.eu\\\/wp-content\\\/uploads\\\/2020\\\/12\\\/ZELDA_Logo-1.png\",\"contentUrl\":\"https:\\\/\\\/www.training4interculturality.eu\\\/wp-content\\\/uploads\\\/2020\\\/12\\\/ZELDA_Logo-1.png\",\"width\":768,\"height\":768,\"caption\":\"Training 4 Interculturality\"},\"image\":{\"@id\":\"https:\\\/\\\/www.training4interculturality.eu\\\/it\\\/#\\\/schema\\\/logo\\\/image\\\/\"}}]}<\/script>\n<!-- \/ Yoast SEO plugin. -->","yoast_head_json":{"title":"Il Progetto - Training 4 Interculturality","robots":{"index":"index","follow":"follow","max-snippet":"max-snippet:-1","max-image-preview":"max-image-preview:large","max-video-preview":"max-video-preview:-1"},"canonical":"https:\/\/www.training4interculturality.eu\/it\/the-project\/","og_locale":"it_IT","og_type":"article","og_title":"Il Progetto - Training 4 Interculturality","og_description":"IL PROGETTO Negli ultimi quarant&#8217;anni l&#8217;Europa \u00e8 diventata una societ\u00e0 multiculturale, multilingue e multireligiosa. Per far fronte a questi cambiamenti, \u00e8 necessario sviluppare adeguate attitudini interculturali in modo da poter accogliere e gestire le differenze culturali che sempre pi\u00f9 caratterizzano le scuole, i luoghi di lavoro, i servizi sociali e [&hellip;]","og_url":"https:\/\/www.training4interculturality.eu\/it\/the-project\/","og_site_name":"Training 4 Interculturality","article_modified_time":"2021-03-03T09:51:28+00:00","og_image":[{"url":"https:\/\/www.training4interculturality.eu\/wp-content\/uploads\/2020\/12\/B-1024x683.jpg","type":"","width":"","height":""}],"twitter_card":"summary_large_image","schema":{"@context":"https:\/\/schema.org","@graph":[{"@type":"WebPage","@id":"https:\/\/www.training4interculturality.eu\/it\/the-project\/","url":"https:\/\/www.training4interculturality.eu\/it\/the-project\/","name":"Il Progetto - Training 4 Interculturality","isPartOf":{"@id":"https:\/\/www.training4interculturality.eu\/it\/#website"},"primaryImageOfPage":{"@id":"https:\/\/www.training4interculturality.eu\/it\/the-project\/#primaryimage"},"image":{"@id":"https:\/\/www.training4interculturality.eu\/it\/the-project\/#primaryimage"},"thumbnailUrl":"https:\/\/www.training4interculturality.eu\/wp-content\/uploads\/2020\/12\/B-1024x683.jpg","datePublished":"2021-02-10T11:15:08+00:00","dateModified":"2021-03-03T09:51:28+00:00","breadcrumb":{"@id":"https:\/\/www.training4interculturality.eu\/it\/the-project\/#breadcrumb"},"inLanguage":"it-IT","potentialAction":[{"@type":"ReadAction","target":["https:\/\/www.training4interculturality.eu\/it\/the-project\/"]}]},{"@type":"ImageObject","inLanguage":"it-IT","@id":"https:\/\/www.training4interculturality.eu\/it\/the-project\/#primaryimage","url":"https:\/\/www.training4interculturality.eu\/wp-content\/uploads\/2020\/12\/B-1024x683.jpg","contentUrl":"https:\/\/www.training4interculturality.eu\/wp-content\/uploads\/2020\/12\/B-1024x683.jpg"},{"@type":"BreadcrumbList","@id":"https:\/\/www.training4interculturality.eu\/it\/the-project\/#breadcrumb","itemListElement":[{"@type":"ListItem","position":1,"name":"Home","item":"https:\/\/www.training4interculturality.eu\/it\/home\/"},{"@type":"ListItem","position":2,"name":"Il Progetto"}]},{"@type":"WebSite","@id":"https:\/\/www.training4interculturality.eu\/it\/#website","url":"https:\/\/www.training4interculturality.eu\/it\/","name":"Training 4 Interculturality","description":"","publisher":{"@id":"https:\/\/www.training4interculturality.eu\/it\/#organization"},"potentialAction":[{"@type":"SearchAction","target":{"@type":"EntryPoint","urlTemplate":"https:\/\/www.training4interculturality.eu\/it\/?s={search_term_string}"},"query-input":{"@type":"PropertyValueSpecification","valueRequired":true,"valueName":"search_term_string"}}],"inLanguage":"it-IT"},{"@type":"Organization","@id":"https:\/\/www.training4interculturality.eu\/it\/#organization","name":"Training 4 Interculturality","url":"https:\/\/www.training4interculturality.eu\/it\/","logo":{"@type":"ImageObject","inLanguage":"it-IT","@id":"https:\/\/www.training4interculturality.eu\/it\/#\/schema\/logo\/image\/","url":"https:\/\/www.training4interculturality.eu\/wp-content\/uploads\/2020\/12\/ZELDA_Logo-1.png","contentUrl":"https:\/\/www.training4interculturality.eu\/wp-content\/uploads\/2020\/12\/ZELDA_Logo-1.png","width":768,"height":768,"caption":"Training 4 Interculturality"},"image":{"@id":"https:\/\/www.training4interculturality.eu\/it\/#\/schema\/logo\/image\/"}}]}},"_links":{"self":[{"href":"https:\/\/www.training4interculturality.eu\/it\/wp-json\/wp\/v2\/pages\/728","targetHints":{"allow":["GET"]}}],"collection":[{"href":"https:\/\/www.training4interculturality.eu\/it\/wp-json\/wp\/v2\/pages"}],"about":[{"href":"https:\/\/www.training4interculturality.eu\/it\/wp-json\/wp\/v2\/types\/page"}],"author":[{"embeddable":true,"href":"https:\/\/www.training4interculturality.eu\/it\/wp-json\/wp\/v2\/users\/2"}],"replies":[{"embeddable":true,"href":"https:\/\/www.training4interculturality.eu\/it\/wp-json\/wp\/v2\/comments?post=728"}],"version-history":[{"count":20,"href":"https:\/\/www.training4interculturality.eu\/it\/wp-json\/wp\/v2\/pages\/728\/revisions"}],"predecessor-version":[{"id":1017,"href":"https:\/\/www.training4interculturality.eu\/it\/wp-json\/wp\/v2\/pages\/728\/revisions\/1017"}],"wp:attachment":[{"href":"https:\/\/www.training4interculturality.eu\/it\/wp-json\/wp\/v2\/media?parent=728"}],"curies":[{"name":"wp","href":"https:\/\/api.w.org\/{rel}","templated":true}]}}